{"id":4885,"date":"2024-09-12T09:10:30","date_gmt":"2024-09-12T07:10:30","guid":{"rendered":"https:\/\/barekraftsuka.no\/?post_type=tribe_events&#038;p=4885"},"modified":"2024-09-12T09:10:31","modified_gmt":"2024-09-12T07:10:31","slug":"integrering-og-sosial-baerekraft","status":"publish","type":"tribe_events","link":"https:\/\/barekraftsuka.no\/index.php\/arrangement\/integrering-og-sosial-baerekraft\/","title":{"rendered":"Integrering og sosial b\u00e6rekraft"},"content":{"rendered":"<div  class=\"tribe-events-schedule tribe-clearfix\" >\n\t<h2 class=\"tribe-events-schedule__datetime\">\n\t\t<span class=\"tribe-events-schedule__date tribe-events-schedule__date--start\">\n\t\t\t27 september, 2024\t\t<\/span>\n\n\t\t\t\t\t<span class=\"tribe-events-schedule__separator tribe-events-schedule__separator--date\">\n\t\t\t\t | \t\t\t<\/span>\n\t\t\t<span class=\"tribe-events-schedule__time tribe-events-schedule__time--start\">\n\t\t\t\t11:10 am\t\t\t<\/span>\n\t\t\n\t\t\t\t\t\t\t\t\t<span class=\"tribe-events-schedule__separator tribe-events-schedule__separator--time\">\n\t\t\t\t\t &#8211; \t\t\t\t<\/span>\n\t\t\t\n\t\t\t\t\t\t\t<span class=\"tribe-events-schedule__time tribe-events-schedule__time--end\">\n\t\t\t\t\t12:00 pm\t\t\t\t<\/span>\n\t\t\t\n\t\t\t\t\t\t<\/h2>\n<\/div>\n\n\n\n<p>Bli med n\u00e5r Bonolo Rampomane-Aandahl deler sin reise med &laquo;DR\u00d8S matbar og kaffebar&raquo;, en inkluderende m\u00f8teplass som fremmer integrering og sosial b\u00e6rekraft. <\/p>\n\n\n\n<p>L\u00e6r hvordan lokale initiativ kan bidra til et mer mangfoldig og b\u00e6rekraftig samfunn.<\/p>\n\n\n\n<figure class=\"wp-block-image size-large is-resized\"><img fetchpriority=\"high\" decoding=\"async\" width=\"1024\" height=\"1024\" src=\"https:\/\/barekraftsuka.no\/wp-content\/uploads\/2024\/09\/22-1024x1024.jpg\" alt=\"\" class=\"wp-image-4887\" style=\"width:288px;height:auto\" srcset=\"https:\/\/barekraftsuka.no\/wp-content\/uploads\/2024\/09\/22-1024x1024.jpg 1024w, https:\/\/barekraftsuka.no\/wp-content\/uploads\/2024\/09\/22-300x300.jpg 300w, https:\/\/barekraftsuka.no\/wp-content\/uploads\/2024\/09\/22-150x150.jpg 150w, https:\/\/barekraftsuka.no\/wp-content\/uploads\/2024\/09\/22-768x768.jpg 768w, https:\/\/barekraftsuka.no\/wp-content\/uploads\/2024\/09\/22.jpg 1080w\" sizes=\"(max-width: 1024px) 100vw, 1024px\" \/><\/figure>\n\n\n\n<div class=\"wp-block-essential-blocks-button  root-eb-button-wo7xx\"><div class=\"eb-parent-wrapper eb-parent-eb-button-wo7xx \"><div class=\"eb-button-wrapper eb-button-alignment eb-button-wo7xx\"><div class=\"eb-button\"><a class=\"eb-button-anchor\" href=\"https:\/\/teams.microsoft.com\/l\/meetup-join\/19%3ameeting_NmRhNzE1ZmUtNmU1Ni00MDZjLWJiNmEtYWVjMzc2ZTdhY2Ex%40thread.v2\/0?context=%7b%22Tid%22%3a%221e0eec68-96d8-4195-b648-db2e1cc0437a%22%2c%22Oid%22%3a%22cc54280e-13f0-4152-bd3f-5c546c0ce3de%22%7d\" target=\"_blank\" rel=\"noopener\">Delta n\u00e5<\/a><\/div><\/div><\/div><\/div>\n\n\n\t\t<div class=\"ctc-copy-button-wrap\">\n\t\t\t<button class=\"wp-block-ctc-copy-button\" data-copied-text=\"Kopiert!\">\n\t\t\t\tKopier Teams-lenke\t\t\t<\/button>\n\t\t\t<textarea class=\"ctc-copy-button-textarea\" readonly>https:\/\/teams.microsoft.com\/l\/meetup-join\/19%3ameeting_NmRhNzE1ZmUtNmU1Ni00MDZjLWJiNmEtYWVjMzc2ZTdhY2Ex%40thread.v2\/0?context=%7b%22Tid%22%3a%221e0eec68-96d8-4195-b648-db2e1cc0437a%22%2c%22Oid%22%3a%22cc54280e-13f0-4152-bd3f-5c546c0ce3de%22%7d<\/textarea>\n\t\t<\/div>\n\t\t\n\n\t<div  class=\"tribe-block tribe-block__events-link\" >\n\t\t<div class=\"tribe-events tribe-common\">\n\t\t\t<div class=\"tribe-events-c-subscribe-dropdown__container\">\n\t\t\t\t<div class=\"tribe-events-c-subscribe-dropdown\">\n\t\t\t\t\t<div class=\"tribe-common-c-btn-border tribe-events-c-subscribe-dropdown__button\">\n\t\t\t\t\t\t<svg  class=\"tribe-common-c-svgicon tribe-common-c-svgicon--cal-export tribe-events-c-subscribe-dropdown__export-icon\"  viewBox=\"0 0 23 17\" xmlns=\"http:\/\/www.w3.org\/2000\/svg\">\n  <path fill-rule=\"evenodd\" clip-rule=\"evenodd\" d=\"M.128.896V16.13c0 .211.145.383.323.383h15.354c.179 0 .323-.172.323-.383V.896c0-.212-.144-.383-.323-.383H.451C.273.513.128.684.128.896Zm16 6.742h-.901V4.679H1.009v10.729h14.218v-3.336h.901V7.638ZM1.01 1.614h14.218v2.058H1.009V1.614Z\" \/>\n  <path d=\"M20.5 9.846H8.312M18.524 6.953l2.89 2.909-2.855 2.855\" stroke-width=\"1.2\" stroke-linecap=\"round\" stroke-linejoin=\"round\"\/>\n<\/svg>\n\t\t\t\t\t\t<button\n\t\t\t\t\t\t\tclass=\"tribe-events-c-subscribe-dropdown__button-text\"\n\t\t\t\t\t\t\taria-expanded=\"false\"\n\t\t\t\t\t\t\taria-controls=\"tribe-events-subscribe-dropdown-content\"\n\t\t\t\t\t\t\taria-label=\"\"\n\t\t\t\t\t\t>\n\t\t\t\t\t\t\tLegg til i kalender\t\t\t\t\t\t<\/button>\n\t\t\t\t\t\t<svg  class=\"tribe-common-c-svgicon tribe-common-c-svgicon--caret-down tribe-events-c-subscribe-dropdown__button-icon\"  viewBox=\"0 0 10 7\" xmlns=\"http:\/\/www.w3.org\/2000\/svg\" aria-hidden=\"true\"><path fill-rule=\"evenodd\" clip-rule=\"evenodd\" d=\"M1.008.609L5 4.6 8.992.61l.958.958L5 6.517.05 1.566l.958-.958z\" class=\"tribe-common-c-svgicon__svg-fill\"\/><\/svg>\n\t\t\t\t\t<\/div>\n\t\t\t\t\t<div id=\"tribe-events-subscribe-dropdown-content\" class=\"tribe-events-c-subscribe-dropdown__content\">\n\t\t\t\t\t\t<ul class=\"tribe-events-c-subscribe-dropdown__list\">\n\t\t\t\t\t\t\t\t\t\t\t\t\t\t\t<li class=\"tribe-events-c-subscribe-dropdown__list-item\">\n\t\t\t\t\t\t\t\t\t<a\n\t\t\t\t\t\t\t\t\t\thref=\"https:\/\/www.google.com\/calendar\/event?action=TEMPLATE&#038;dates=20240927T111000\/20240927T120000&#038;text=Integrering%20og%20sosial%20b%C3%A6rekraft&#038;details=%3Cp%3EBli+med+n%C3%A5r+Bonolo+Rampomane-Aandahl+deler+sin+reise+med+%22DR%C3%98S+matbar+og+kaffebar%22%2C+en+inkluderende+m%C3%B8teplass+som+fremmer+integrering+og+sosial+b%C3%A6rekraft.+%3C%2Fp%3E+%3Cp%3EL%C3%A6r+hvordan+lokale+initiativ+kan+bidra+til+et+mer+mangfoldig+og+b%C3%A6rekraftig+samfunn.%3C%2Fp%3E+%3Cfigure+class%3D%22wp-block-image+size-large+is-resized%22%3E%3Cimg+src%3D%22https%3A%2F%2Fbarekraftsuka.no%2Fwp-content%2Fuploads%2F2024%2F09%2F22-1024x1024.jpg%22+alt%3D%22%22+class%3D%22wp-image-4887%22+style%3D%22width%3A288px%3Bheight%3Aauto%22%2F%3E%3C%2Ffigure%3E%3Cdiv+class%3D%22wp-block-essential-blocks-button++root-eb-button-wo7xx%22%3E%3Cdiv+class%3D%22eb-parent-wrapper+eb-parent-eb-button-wo7xx+%22%3E%3Cdiv+class%3D%22eb-button-wrapper+eb-button-alignment+eb-button-wo7xx%22%3E%3Cdiv+class%3D%22eb-button%22%3E%3Ca+class%3D%22eb-button-anchor%22+href%3D%22https%3A%2F%2Fteams.microsoft.com%2Fl%2Fmeetup-join%2F19%253ameeting_NmRhNzE1ZmUtNmU1Ni00MDZjLWJiNmEtYWVjMzc2ZTdhY2Ex%2540thread.v2%2F0%3Fcontext%3D%257b%2522Tid%2522%253a%25221e0eec68-96d8-4195-b648-db2e1cc0437a%2522%252c%2522Oid%2522%253a%2522cc54280e-13f0-4152-bd3f-5c546c0ce3de%2522%257d%22+target%3D%22_blank%22+rel%3D%22%3C%2Fdiv%3E%3C%2Fdiv%3E%3C%2Fdiv%3E%3C%2Fdiv%3E+%28View+Full+arrangement+Description+Here%3A+https%3A%2F%2Fbarekraftsuka.no%2Findex.php%2Farrangement%2Fintegrering-og-sosial-baerekraft%2F%29&#038;location=Digitalt&#038;trp=false&#038;ctz=Europe\/Oslo&#038;sprop=website:https:\/\/barekraftsuka.no\"\n\t\t\t\t\t\t\t\t\t\tclass=\"tribe-events-c-subscribe-dropdown__list-item-link\"\n\t\t\t\t\t\t\t\t\t\ttarget=\"_blank\"\n\t\t\t\t\t\t\t\t\t\trel=\"noopener noreferrer nofollow noindex\"\n\t\t\t\t\t\t\t\t\t>\n\t\t\t\t\t\t\t\t\t\tGoogle kalender\t\t\t\t\t\t\t\t\t<\/a>\n\t\t\t\t\t\t\t\t<\/li>\n\t\t\t\t\t\t\t\t\t\t\t\t\t\t\t<li class=\"tribe-events-c-subscribe-dropdown__list-item\">\n\t\t\t\t\t\t\t\t\t<a\n\t\t\t\t\t\t\t\t\t\thref=\"\"\n\t\t\t\t\t\t\t\t\t\tclass=\"tribe-events-c-subscribe-dropdown__list-item-link\"\n\t\t\t\t\t\t\t\t\t\ttarget=\"_blank\"\n\t\t\t\t\t\t\t\t\t\trel=\"noopener noreferrer nofollow noindex\"\n\t\t\t\t\t\t\t\t\t>\n\t\t\t\t\t\t\t\t\t\tiCalendar\t\t\t\t\t\t\t\t\t<\/a>\n\t\t\t\t\t\t\t\t<\/li>\n\t\t\t\t\t\t\t\t\t\t\t\t\t\t\t<li class=\"tribe-events-c-subscribe-dropdown__list-item\">\n\t\t\t\t\t\t\t\t\t<a\n\t\t\t\t\t\t\t\t\t\thref=\"\"\n\t\t\t\t\t\t\t\t\t\tclass=\"tribe-events-c-subscribe-dropdown__list-item-link\"\n\t\t\t\t\t\t\t\t\t\ttarget=\"_blank\"\n\t\t\t\t\t\t\t\t\t\trel=\"noopener noreferrer nofollow noindex\"\n\t\t\t\t\t\t\t\t\t>\n\t\t\t\t\t\t\t\t\t\tOutlook 365\t\t\t\t\t\t\t\t\t<\/a>\n\t\t\t\t\t\t\t\t<\/li>\n\t\t\t\t\t\t\t\t\t\t\t\t\t<\/ul>\n\t\t\t\t\t<\/div>\n\t\t\t\t<\/div>\n\t\t\t<\/div>\n\t\t<\/div>\n\t<\/div>\n\n\n\n<div  class=\"tribe-block tribe-block__organizer__details tribe-clearfix\" >\n\t<div class=\"tribe-block__organizer__title\">\n\t\t<h3>N\u00e6ringshagene i Norge<\/h3>\n\t<\/div>\n\t\t\t\t\t<p class=\"tribe-block__organizer__email\">&#097;&#110;&#110;e.helge&#108;&#097;&#110;d&#064;&#114;&#114;s&#046;n&#111;<\/p>\n\t<\/div>\n\n\n<div  class=\"tribe-block tribe-block__venue tribe-clearfix\" >\n\t\n\t\n<div class=\"tribe-block__venue__meta\">\n\t<div class=\"tribe-block__venue__name\">\n\t\t<h3>Digitalt<\/h3>\n\t<\/div>\n\n\t\n\t\n\t\n\t\n\t<\/div>\n\t\n\t<\/div>\n\n\n    <!-- sktbuilder starter --><script type=\"text\/javascript\" src=\"https:\/\/barekraftsuka.no\/wp-content\/plugins\/skt-builder\/sktbuilder\/sktbuilder-frontend-starter.js\"><\/script><script type=\"text\/javascript\" src=\"https:\/\/barekraftsuka.no\/wp-content\/plugins\/skt-builder\/sktbuilder-wordpress-driver.js\"><\/script><script type=\"text\/javascript\"> var starter = new SktbuilderStarter({\"mode\": \"prod\", \"skip\":[\"jquery\",\"underscore\",\"backbone\"],\"sktbuilderUrl\": \"https:\/\/barekraftsuka.no\/wp-content\/plugins\/skt-builder\/sktbuilder\/\", \"driver\": new SktbuilderWordpressDriver({\"ajaxUrl\": \"https:\/\/barekraftsuka.no\/wp-admin\/admin-ajax.php\", \"iframeUrl\": \"https:\/\/barekraftsuka.no\/index.php\/arrangement\/integrering-og-sosial-baerekraft\/?sktbuilder=true\", \"pageId\": 4885, \"pages\": [{\"title\":\"Hjem\",\"url\":\"https:\\\/\\\/barekraftsuka.no\\\/wp-admin\\\/post.php?post=701&action=sktbuilder\"},{\"title\":\"Arrangement\",\"url\":\"https:\\\/\\\/barekraftsuka.no\\\/wp-admin\\\/post.php?post=3835&action=sktbuilder\"}], \"page\": \"Integrering og sosial b\u00e6rekraft\" }) });<\/script><!-- end sktbuilder starter -->","protected":false},"excerpt":{"rendered":"<p>Bli med n\u00e5r Bonolo Rampomane-Aandahl deler sin reise med &laquo;DR\u00d8S matbar og kaffebar&raquo;, en inkluderende m\u00f8teplass som fremmer integrering og sosial b\u00e6rekraft. L\u00e6r hvordan lokale initiativ kan bidra til et<br \/><a class=\"moretag\" href=\"https:\/\/barekraftsuka.no\/index.php\/arrangement\/integrering-og-sosial-baerekraft\/\">+ Read More<\/a><\/p>\n","protected":false},"author":1,"featured_media":4887,"comment_status":"closed","ping_status":"closed","template":"","meta":{"_eb_attr":"","_EventAllDay":false,"_EventTimezone":"Europe\/Oslo","_EventStartDate":"2024-09-27 11:10:00","_EventEndDate":"2024-09-27 12:00:00","_EventStartDateUTC":"2024-09-27 09:10:00","_EventEndDateUTC":"2024-09-27 10:00:00","_EventShowMap":false,"_EventShowMapLink":false,"_EventURL":"","_EventCost":"","_EventCostDescription":"","_EventCurrencySymbol":"$","_EventCurrencyCode":"NOK","_EventCurrencyPosition":"prefix","_EventDateTimeSeparator":" | ","_EventTimeRangeSeparator":" - ","_EventOrganizerID":[4050],"_EventVenueID":[3824],"_OrganizerEmail":"","_OrganizerPhone":"","_OrganizerWebsite":"","_VenueAddress":"","_VenueCity":"","_VenueCountry":"","_VenueProvince":"","_VenueState":"","_VenueZip":"","_VenuePhone":"","_VenueURL":"","_VenueStateProvince":"","_VenueLat":"","_VenueLng":"","_VenueShowMap":false,"_VenueShowMapLink":false,"_tribe_events_status":"","_tribe_events_status_reason":"","footnotes":""},"tags":[],"tribe_events_cat":[6],"class_list":["post-4885","tribe_events","type-tribe_events","status-publish","has-post-thumbnail","hentry","tribe_events_cat-digitalt","cat_digitalt"],"yoast_head":"<!-- This site is optimized with the Yoast SEO plugin v23.4 - https:\/\/yoast.com\/wordpress\/plugins\/seo\/ -->\n<title>Integrering og sosial b\u00e6rekraft - B\u00e6rekraftsuka<\/title>\n<meta name=\"robots\" content=\"index, follow, max-snippet:-1, max-image-preview:large, max-video-preview:-1\" \/>\n<link rel=\"canonical\" href=\"https:\/\/barekraftsuka.no\/index.php\/arrangement\/integrering-og-sosial-baerekraft\/\" \/>\n<meta property=\"og:locale\" content=\"nb_NO\" \/>\n<meta property=\"og:type\" content=\"article\" \/>\n<meta property=\"og:title\" content=\"Integrering og sosial b\u00e6rekraft - B\u00e6rekraftsuka\" \/>\n<meta property=\"og:description\" content=\"Bli med n\u00e5r Bonolo Rampomane-Aandahl deler sin reise med &laquo;DR\u00d8S matbar og kaffebar&raquo;, en inkluderende m\u00f8teplass som fremmer integrering og sosial b\u00e6rekraft. L\u00e6r hvordan lokale initiativ kan bidra til et+ Read More\" \/>\n<meta property=\"og:url\" content=\"https:\/\/barekraftsuka.no\/index.php\/arrangement\/integrering-og-sosial-baerekraft\/\" \/>\n<meta property=\"og:site_name\" content=\"B\u00e6rekraftsuka\" \/>\n<meta property=\"article:modified_time\" content=\"2024-09-12T07:10:31+00:00\" \/>\n<meta property=\"og:image\" content=\"https:\/\/barekraftsuka.no\/wp-content\/uploads\/2024\/09\/22.jpg\" \/>\n\t<meta property=\"og:image:width\" content=\"1080\" \/>\n\t<meta property=\"og:image:height\" content=\"1080\" \/>\n\t<meta property=\"og:image:type\" content=\"image\/jpeg\" \/>\n<meta name=\"twitter:card\" content=\"summary_large_image\" \/>\n<meta name=\"twitter:label1\" content=\"Ansl. lesetid\" \/>\n\t<meta name=\"twitter:data1\" content=\"1 minutt\" \/>\n<script type=\"application\/ld+json\" class=\"yoast-schema-graph\">{\"@context\":\"https:\/\/schema.org\",\"@graph\":[{\"@type\":\"WebPage\",\"@id\":\"https:\/\/barekraftsuka.no\/index.php\/arrangement\/integrering-og-sosial-baerekraft\/\",\"url\":\"https:\/\/barekraftsuka.no\/index.php\/arrangement\/integrering-og-sosial-baerekraft\/\",\"name\":\"Integrering og sosial b\u00e6rekraft - B\u00e6rekraftsuka\",\"isPartOf\":{\"@id\":\"https:\/\/barekraftsuka.no\/#website\"},\"primaryImageOfPage\":{\"@id\":\"https:\/\/barekraftsuka.no\/index.php\/arrangement\/integrering-og-sosial-baerekraft\/#primaryimage\"},\"image\":{\"@id\":\"https:\/\/barekraftsuka.no\/index.php\/arrangement\/integrering-og-sosial-baerekraft\/#primaryimage\"},\"thumbnailUrl\":\"https:\/\/barekraftsuka.no\/wp-content\/uploads\/2024\/09\/22.jpg\",\"datePublished\":\"2024-09-12T07:10:30+00:00\",\"dateModified\":\"2024-09-12T07:10:31+00:00\",\"breadcrumb\":{\"@id\":\"https:\/\/barekraftsuka.no\/index.php\/arrangement\/integrering-og-sosial-baerekraft\/#breadcrumb\"},\"inLanguage\":\"nb-NO\",\"potentialAction\":[{\"@type\":\"ReadAction\",\"target\":[\"https:\/\/barekraftsuka.no\/index.php\/arrangement\/integrering-og-sosial-baerekraft\/\"]}]},{\"@type\":\"ImageObject\",\"inLanguage\":\"nb-NO\",\"@id\":\"https:\/\/barekraftsuka.no\/index.php\/arrangement\/integrering-og-sosial-baerekraft\/#primaryimage\",\"url\":\"https:\/\/barekraftsuka.no\/wp-content\/uploads\/2024\/09\/22.jpg\",\"contentUrl\":\"https:\/\/barekraftsuka.no\/wp-content\/uploads\/2024\/09\/22.jpg\",\"width\":1080,\"height\":1080},{\"@type\":\"BreadcrumbList\",\"@id\":\"https:\/\/barekraftsuka.no\/index.php\/arrangement\/integrering-og-sosial-baerekraft\/#breadcrumb\",\"itemListElement\":[{\"@type\":\"ListItem\",\"position\":1,\"name\":\"Hjem\",\"item\":\"https:\/\/barekraftsuka.no\/\"},{\"@type\":\"ListItem\",\"position\":2,\"name\":\"Arrangementer\",\"item\":\"https:\/\/barekraftsuka.no\/\"},{\"@type\":\"ListItem\",\"position\":3,\"name\":\"Integrering og sosial b\u00e6rekraft\"}]},{\"@type\":\"WebSite\",\"@id\":\"https:\/\/barekraftsuka.no\/#website\",\"url\":\"https:\/\/barekraftsuka.no\/\",\"name\":\"B\u00e6rekraftsuka\",\"description\":\"B\u00e6rekraftsuka 2023 - uke 37\",\"publisher\":{\"@id\":\"https:\/\/barekraftsuka.no\/#organization\"},\"potentialAction\":[{\"@type\":\"SearchAction\",\"target\":{\"@type\":\"EntryPoint\",\"urlTemplate\":\"https:\/\/barekraftsuka.no\/?s={search_term_string}\"},\"query-input\":{\"@type\":\"PropertyValueSpecification\",\"valueRequired\":true,\"valueName\":\"search_term_string\"}}],\"inLanguage\":\"nb-NO\"},{\"@type\":\"Organization\",\"@id\":\"https:\/\/barekraftsuka.no\/#organization\",\"name\":\"B\u00e6rekraftsuka\",\"url\":\"https:\/\/barekraftsuka.no\/\",\"logo\":{\"@type\":\"ImageObject\",\"inLanguage\":\"nb-NO\",\"@id\":\"https:\/\/barekraftsuka.no\/#\/schema\/logo\/image\/\",\"url\":\"https:\/\/barekraftsuka.no\/wp-content\/uploads\/2023\/06\/cropped-Baerekraftsuka-logo-optimalisert-1.png\",\"contentUrl\":\"https:\/\/barekraftsuka.no\/wp-content\/uploads\/2023\/06\/cropped-Baerekraftsuka-logo-optimalisert-1.png\",\"width\":125,\"height\":45,\"caption\":\"B\u00e6rekraftsuka\"},\"image\":{\"@id\":\"https:\/\/barekraftsuka.no\/#\/schema\/logo\/image\/\"}}]}<\/script>\n<!-- \/ Yoast SEO plugin. -->","yoast_head_json":{"title":"Integrering og sosial b\u00e6rekraft - B\u00e6rekraftsuka","robots":{"index":"index","follow":"follow","max-snippet":"max-snippet:-1","max-image-preview":"max-image-preview:large","max-video-preview":"max-video-preview:-1"},"canonical":"https:\/\/barekraftsuka.no\/index.php\/arrangement\/integrering-og-sosial-baerekraft\/","og_locale":"nb_NO","og_type":"article","og_title":"Integrering og sosial b\u00e6rekraft - B\u00e6rekraftsuka","og_description":"Bli med n\u00e5r Bonolo Rampomane-Aandahl deler sin reise med &laquo;DR\u00d8S matbar og kaffebar&raquo;, en inkluderende m\u00f8teplass som fremmer integrering og sosial b\u00e6rekraft. L\u00e6r hvordan lokale initiativ kan bidra til et+ Read More","og_url":"https:\/\/barekraftsuka.no\/index.php\/arrangement\/integrering-og-sosial-baerekraft\/","og_site_name":"B\u00e6rekraftsuka","article_modified_time":"2024-09-12T07:10:31+00:00","og_image":[{"width":1080,"height":1080,"url":"https:\/\/barekraftsuka.no\/wp-content\/uploads\/2024\/09\/22.jpg","type":"image\/jpeg"}],"twitter_card":"summary_large_image","twitter_misc":{"Ansl. lesetid":"1 minutt"},"schema":{"@context":"https:\/\/schema.org","@graph":[{"@type":"WebPage","@id":"https:\/\/barekraftsuka.no\/index.php\/arrangement\/integrering-og-sosial-baerekraft\/","url":"https:\/\/barekraftsuka.no\/index.php\/arrangement\/integrering-og-sosial-baerekraft\/","name":"Integrering og sosial b\u00e6rekraft - B\u00e6rekraftsuka","isPartOf":{"@id":"https:\/\/barekraftsuka.no\/#website"},"primaryImageOfPage":{"@id":"https:\/\/barekraftsuka.no\/index.php\/arrangement\/integrering-og-sosial-baerekraft\/#primaryimage"},"image":{"@id":"https:\/\/barekraftsuka.no\/index.php\/arrangement\/integrering-og-sosial-baerekraft\/#primaryimage"},"thumbnailUrl":"https:\/\/barekraftsuka.no\/wp-content\/uploads\/2024\/09\/22.jpg","datePublished":"2024-09-12T07:10:30+00:00","dateModified":"2024-09-12T07:10:31+00:00","breadcrumb":{"@id":"https:\/\/barekraftsuka.no\/index.php\/arrangement\/integrering-og-sosial-baerekraft\/#breadcrumb"},"inLanguage":"nb-NO","potentialAction":[{"@type":"ReadAction","target":["https:\/\/barekraftsuka.no\/index.php\/arrangement\/integrering-og-sosial-baerekraft\/"]}]},{"@type":"ImageObject","inLanguage":"nb-NO","@id":"https:\/\/barekraftsuka.no\/index.php\/arrangement\/integrering-og-sosial-baerekraft\/#primaryimage","url":"https:\/\/barekraftsuka.no\/wp-content\/uploads\/2024\/09\/22.jpg","contentUrl":"https:\/\/barekraftsuka.no\/wp-content\/uploads\/2024\/09\/22.jpg","width":1080,"height":1080},{"@type":"BreadcrumbList","@id":"https:\/\/barekraftsuka.no\/index.php\/arrangement\/integrering-og-sosial-baerekraft\/#breadcrumb","itemListElement":[{"@type":"ListItem","position":1,"name":"Hjem","item":"https:\/\/barekraftsuka.no\/"},{"@type":"ListItem","position":2,"name":"Arrangementer","item":"https:\/\/barekraftsuka.no\/"},{"@type":"ListItem","position":3,"name":"Integrering og sosial b\u00e6rekraft"}]},{"@type":"WebSite","@id":"https:\/\/barekraftsuka.no\/#website","url":"https:\/\/barekraftsuka.no\/","name":"B\u00e6rekraftsuka","description":"B\u00e6rekraftsuka 2023 - uke 37","publisher":{"@id":"https:\/\/barekraftsuka.no\/#organization"},"potentialAction":[{"@type":"SearchAction","target":{"@type":"EntryPoint","urlTemplate":"https:\/\/barekraftsuka.no\/?s={search_term_string}"},"query-input":{"@type":"PropertyValueSpecification","valueRequired":true,"valueName":"search_term_string"}}],"inLanguage":"nb-NO"},{"@type":"Organization","@id":"https:\/\/barekraftsuka.no\/#organization","name":"B\u00e6rekraftsuka","url":"https:\/\/barekraftsuka.no\/","logo":{"@type":"ImageObject","inLanguage":"nb-NO","@id":"https:\/\/barekraftsuka.no\/#\/schema\/logo\/image\/","url":"https:\/\/barekraftsuka.no\/wp-content\/uploads\/2023\/06\/cropped-Baerekraftsuka-logo-optimalisert-1.png","contentUrl":"https:\/\/barekraftsuka.no\/wp-content\/uploads\/2023\/06\/cropped-Baerekraftsuka-logo-optimalisert-1.png","width":125,"height":45,"caption":"B\u00e6rekraftsuka"},"image":{"@id":"https:\/\/barekraftsuka.no\/#\/schema\/logo\/image\/"}}]}},"jetpack_sharing_enabled":true,"_links":{"self":[{"href":"https:\/\/barekraftsuka.no\/index.php\/wp-json\/wp\/v2\/tribe_events\/4885","targetHints":{"allow":["GET"]}}],"collection":[{"href":"https:\/\/barekraftsuka.no\/index.php\/wp-json\/wp\/v2\/tribe_events"}],"about":[{"href":"https:\/\/barekraftsuka.no\/index.php\/wp-json\/wp\/v2\/types\/tribe_events"}],"author":[{"embeddable":true,"href":"https:\/\/barekraftsuka.no\/index.php\/wp-json\/wp\/v2\/users\/1"}],"replies":[{"embeddable":true,"href":"https:\/\/barekraftsuka.no\/index.php\/wp-json\/wp\/v2\/comments?post=4885"}],"version-history":[{"count":1,"href":"https:\/\/barekraftsuka.no\/index.php\/wp-json\/wp\/v2\/tribe_events\/4885\/revisions"}],"predecessor-version":[{"id":4888,"href":"https:\/\/barekraftsuka.no\/index.php\/wp-json\/wp\/v2\/tribe_events\/4885\/revisions\/4888"}],"wp:featuredmedia":[{"embeddable":true,"href":"https:\/\/barekraftsuka.no\/index.php\/wp-json\/wp\/v2\/media\/4887"}],"wp:attachment":[{"href":"https:\/\/barekraftsuka.no\/index.php\/wp-json\/wp\/v2\/media?parent=4885"}],"wp:term":[{"taxonomy":"post_tag","embeddable":true,"href":"https:\/\/barekraftsuka.no\/index.php\/wp-json\/wp\/v2\/tags?post=4885"},{"taxonomy":"tribe_events_cat","embeddable":true,"href":"https:\/\/barekraftsuka.no\/index.php\/wp-json\/wp\/v2\/tribe_events_cat?post=4885"}],"curies":[{"name":"wp","href":"https:\/\/api.w.org\/{rel}","templated":true}]}}